{"id":91,"date":"2020-01-20T13:55:37","date_gmt":"2020-01-20T12:55:37","guid":{"rendered":"http:\/\/choralecantabile14.fr\/?page_id=91"},"modified":"2026-03-26T17:46:27","modified_gmt":"2026-03-26T16:46:27","slug":"infos-pratiques","status":"publish","type":"page","link":"https:\/\/choralecantabile14.fr\/index.php\/infos-pratiques\/","title":{"rendered":"Infos Pratiques"},"content":{"rendered":"<p>[et_pb_section fb_built=&#8221;1&#8243; fullwidth=&#8221;on&#8221; _builder_version=&#8221;4.2.1&#8243;][et_pb_fullwidth_image src=&#8221;http:\/\/choralecantabile14.fr\/wp-content\/uploads\/2024\/03\/2024-infos_pratiques_chorale_dozule_cantabile.jpg&#8221; _builder_version=&#8221;4.2.1&#8243;][\/et_pb_fullwidth_image][\/et_pb_section][et_pb_section fb_built=&#8221;1&#8243; _builder_version=&#8221;4.2.1&#8243; background_color=&#8221;#0c0c0c&#8221;][et_pb_row column_structure=&#8221;1_2,1_2&#8243; _builder_version=&#8221;4.2.1&#8243; custom_padding=&#8221;27px|15px||||&#8221;][et_pb_column type=&#8221;1_2&#8243; _builder_version=&#8221;4.2.1&#8243;][et_pb_text _builder_version=&#8221;4.2.1&#8243; text_font=&#8221;Advent Pro|||on|||||&#8221; text_font_size=&#8221;48px&#8221; text_line_height=&#8221;1.8em&#8221; text_orientation=&#8221;center&#8221;]<\/p>\n<p style=\"text-align: center;\">r\u00e9p\u00e9tition<\/p>\n<p>[\/et_pb_text][et_pb_text _builder_version=&#8221;4.2.1&#8243; text_font=&#8221;||||||||&#8221; text_line_height=&#8221;0.8em&#8221; background_color=&#8221;#0c0c0c&#8221; custom_padding=&#8221;3px|||||&#8221;]<\/p>\n<p style=\"text-align: center;\"><span style=\"color: #ffffff;\"><\/span><span style=\"color: #ffffff;\">Espace culturel Fernand Seigneurie<\/span><\/p>\n<p style=\"text-align: center;\">\u00a0<span style=\"color: #ffffff;\">Place du Haras &#8211; 14430 DOZULE<\/span><\/p>\n<p style=\"text-align: center;\"><span style=\"color: #ffffff;\">\u00a0<\/span><\/p>\n<p style=\"text-align: center;\"><span style=\"color: #ffffff;\">Tous les jeudis de 20h \u00e0 22h<\/span><\/p>\n<p style=\"text-align: center;\"><span style=\"font-size: small; color: #ffffff;\"><em>sauf vacances scolaires<\/em><\/span><\/p>\n<p>[\/et_pb_text][\/et_pb_column][et_pb_column type=&#8221;1_2&#8243; _builder_version=&#8221;4.2.1&#8243;][et_pb_text _builder_version=&#8221;4.2.1&#8243; width=&#8221;87.1%&#8221; custom_padding=&#8221;||0px|||&#8221;]<iframe loading=\"lazy\" src=\"https:\/\/www.google.com\/maps\/embed?pb=!1m14!1m8!1m3!1d10421.737015295348!2d-0.0421402!3d49.2302555!3m2!1i1024!2i768!4f13.1!3m3!1m2!1s0x0%3A0x7a6fa71a2415c3c3!2sEspace%20Culturel!5e0!3m2!1sfr!2sfr!4v1581952594402!5m2!1sfr!2sfr\" width=\"600\" height=\"450\" frameborder=\"0\" style=\"border:0;\" allowfullscreen=\"\"><\/iframe>[\/et_pb_text][\/et_pb_column][\/et_pb_row][et_pb_row column_structure=&#8221;1_2,1_2&#8243; _builder_version=&#8221;4.2.1&#8243; custom_padding=&#8221;27px|15px||||&#8221;][et_pb_column type=&#8221;1_2&#8243; _builder_version=&#8221;4.2.1&#8243;][et_pb_text _builder_version=&#8221;4.2.1&#8243; text_font=&#8221;Advent Pro|||on|||||&#8221; text_font_size=&#8221;50px&#8221; text_line_height=&#8221;1.8em&#8221; text_orientation=&#8221;center&#8221; custom_margin=&#8221;||-1px|||&#8221;]<\/p>\n<p>devenir choriste<\/p>\n<p>[\/et_pb_text][et_pb_text _builder_version=&#8221;4.2.1&#8243;]<\/p>\n<p style=\"text-align: center;\">La lecture de la musique n\u2019est pas demand\u00e9e mais <strong>chaque nouveau choriste est entendu en audition par la cheffe de ch\u0153ur<\/strong> qui valide son accueil au sein du groupe. Les hommes sont particuli\u00e8rement bienvenus !<\/p>\n<p>[\/et_pb_text][et_pb_text _builder_version=&#8221;4.2.1&#8243; text_font=&#8221;Advent Pro|||on|||||&#8221; text_font_size=&#8221;50px&#8221; text_line_height=&#8221;1.8em&#8221; text_orientation=&#8221;center&#8221; custom_margin=&#8221;||-4px|||&#8221;]<\/p>\n<p>cotisation<\/p>\n<p>[\/et_pb_text][et_pb_text _builder_version=&#8221;4.2.1&#8243;]<\/p>\n<p style=\"text-align: center;\"><strong>Cotisation<\/strong> <strong>annuelle<\/strong> :<strong> 90 \u20ac <\/strong>dont 2\u20ac revers\u00e9s \u00e0 l\u2019Amicale La\u00efque de Dozul\u00e9, collect\u00e9e en d\u00e9but d\u2019ann\u00e9e scolaire.<\/p>\n<p>[\/et_pb_text][et_pb_text _builder_version=&#8221;4.2.1&#8243; text_font=&#8221;Advent Pro|||on|||||&#8221; text_font_size=&#8221;50px&#8221; text_line_height=&#8221;1.8em&#8221; text_orientation=&#8221;center&#8221; custom_margin=&#8221;||-5px|||&#8221;]<\/p>\n<p>stages<\/p>\n<p>[\/et_pb_text][et_pb_text _builder_version=&#8221;4.2.1&#8243; hover_enabled=&#8221;0&#8243;]<\/p>\n<p style=\"text-align: justify;\">Chaque ann\u00e9e les choristes suivent <strong>deux stages gratuits<\/strong>\u00a0:<\/p>\n<p style=\"padding-left: 30px; text-align: justify;\">. <strong>STAGE D&#8217;INTEGRATION<\/strong> (demi-journ\u00e9e) : remise en voix, cr\u00e9ation de liens pour une meilleure insertion des choristes. <em>samedi 15 octobre 2025<\/em>.<\/p>\n<p style=\"padding-left: 30px; text-align: justify;\">. <strong>STAGE DE PERFECTIONNEMENT<\/strong> (journ\u00e9e et demie) : technique vocale, approfondissement du r\u00e9pertoire, travail en ateliers. <em>samedi 21 et dimanche 22 mars 2026<\/em>.\u00a0<\/p>\n<p>[\/et_pb_text][\/et_pb_column][et_pb_column type=&#8221;1_2&#8243; _builder_version=&#8221;4.2.1&#8243;][et_pb_image src=&#8221;http:\/\/choralecantabile14.fr\/wp-content\/uploads\/2024\/03\/2024-infos-pratiques2.jpg&#8221; _builder_version=&#8221;4.2.1&#8243;][\/et_pb_image][\/et_pb_column][\/et_pb_row][\/et_pb_section]<\/p>\n","protected":false},"excerpt":{"rendered":"<p>[et_pb_section fb_built=&#8221;1&#8243; fullwidth=&#8221;on&#8221; _builder_version=&#8221;4.2.1&#8243;][et_pb_fullwidth_image src=&#8221;http:\/\/choralecantabile14.fr\/wp-content\/uploads\/2024\/03\/2024-infos_pratiques_chorale_dozule_cantabile.jpg&#8221; _builder_version=&#8221;4.2.1&#8243;][\/et_pb_fullwidth_image][\/et_pb_section][et_pb_section fb_built=&#8221;1&#8243; _builder_version=&#8221;4.2.1&#8243; background_color=&#8221;#0c0c0c&#8221;][et_pb_row column_structure=&#8221;1_2,1_2&#8243; _builder_version=&#8221;4.2.1&#8243; custom_padding=&#8221;27px|15px||||&#8221;][et_pb_column type=&#8221;1_2&#8243; _builder_version=&#8221;4.2.1&#8243;][et_pb_text _builder_version=&#8221;4.2.1&#8243; text_font=&#8221;Advent Pro|||on|||||&#8221; text_font_size=&#8221;48px&#8221; text_line_height=&#8221;1.8em&#8221; text_orientation=&#8221;center&#8221;] r\u00e9p\u00e9tition [\/et_pb_text][et_pb_text _builder_version=&#8221;4.2.1&#8243; text_font=&#8221;||||||||&#8221; text_line_height=&#8221;0.8em&#8221; background_color=&#8221;#0c0c0c&#8221; custom_padding=&#8221;3px|||||&#8221;] Espace culturel Fernand Seigneurie \u00a0Place du Haras &#8211; 14430 DOZULE \u00a0 Tous les jeudis de 20h \u00e0 22h sauf vacances scolaires [\/et_pb_text][\/et_pb_column][et_pb_column type=&#8221;1_2&#8243; _builder_version=&#8221;4.2.1&#8243;][et_pb_text _builder_version=&#8221;4.2.1&#8243; width=&#8221;87.1%&#8221; custom_padding=&#8221;||0px|||&#8221;][\/et_pb_text][\/et_pb_column][\/et_pb_row][et_pb_row column_structure=&#8221;1_2,1_2&#8243; [&hellip;]<\/p>\n","protected":false},"author":1,"featured_media":0,"parent":0,"menu_order":0,"comment_status":"closed","ping_status":"closed","template":"","meta":{"_et_pb_use_builder":"on","_et_pb_old_content":"","_et_gb_content_width":"","footnotes":""},"class_list":["post-91","page","type-page","status-publish","hentry"],"yoast_head":"<!-- This site is optimized with the Yoast SEO plugin v21.5 - https:\/\/yoast.com\/wordpress\/plugins\/seo\/ -->\n<title>Infos Pratiques - Chorale Cantabile<\/title>\n<meta name=\"robots\" content=\"index, follow, max-snippet:-1, max-image-preview:large, max-video-preview:-1\" \/>\n<link rel=\"canonical\" href=\"https:\/\/choralecantabile14.fr\/index.php\/infos-pratiques\/\" \/>\n<meta property=\"og:locale\" content=\"en_US\" \/>\n<meta property=\"og:type\" content=\"article\" \/>\n<meta property=\"og:title\" content=\"Infos Pratiques - Chorale Cantabile\" \/>\n<meta property=\"og:description\" content=\"[et_pb_section fb_built=&#8221;1&#8243; fullwidth=&#8221;on&#8221; _builder_version=&#8221;4.2.1&#8243;][et_pb_fullwidth_image src=&#8221;http:\/\/choralecantabile14.fr\/wp-content\/uploads\/2024\/03\/2024-infos_pratiques_chorale_dozule_cantabile.jpg&#8221; _builder_version=&#8221;4.2.1&#8243;][\/et_pb_fullwidth_image][\/et_pb_section][et_pb_section fb_built=&#8221;1&#8243; _builder_version=&#8221;4.2.1&#8243; background_color=&#8221;#0c0c0c&#8221;][et_pb_row column_structure=&#8221;1_2,1_2&#8243; _builder_version=&#8221;4.2.1&#8243; custom_padding=&#8221;27px|15px||||&#8221;][et_pb_column type=&#8221;1_2&#8243; _builder_version=&#8221;4.2.1&#8243;][et_pb_text _builder_version=&#8221;4.2.1&#8243; text_font=&#8221;Advent Pro|||on|||||&#8221; text_font_size=&#8221;48px&#8221; text_line_height=&#8221;1.8em&#8221; text_orientation=&#8221;center&#8221;] r\u00e9p\u00e9tition [\/et_pb_text][et_pb_text _builder_version=&#8221;4.2.1&#8243; text_font=&#8221;||||||||&#8221; text_line_height=&#8221;0.8em&#8221; background_color=&#8221;#0c0c0c&#8221; custom_padding=&#8221;3px|||||&#8221;] Espace culturel Fernand Seigneurie \u00a0Place du Haras &#8211; 14430 DOZULE \u00a0 Tous les jeudis de 20h \u00e0 22h sauf vacances scolaires [\/et_pb_text][\/et_pb_column][et_pb_column type=&#8221;1_2&#8243; _builder_version=&#8221;4.2.1&#8243;][et_pb_text _builder_version=&#8221;4.2.1&#8243; width=&#8221;87.1%&#8221; custom_padding=&#8221;||0px|||&#8221;][\/et_pb_text][\/et_pb_column][\/et_pb_row][et_pb_row column_structure=&#8221;1_2,1_2&#8243; [&hellip;]\" \/>\n<meta property=\"og:url\" content=\"https:\/\/choralecantabile14.fr\/index.php\/infos-pratiques\/\" \/>\n<meta property=\"og:site_name\" content=\"Chorale Cantabile\" \/>\n<meta property=\"article:modified_time\" content=\"2026-03-26T16:46:27+00:00\" \/>\n<meta name=\"twitter:label1\" content=\"Est. reading time\" \/>\n\t<meta name=\"twitter:data1\" content=\"2 minutes\" \/>\n<script type=\"application\/ld+json\" class=\"yoast-schema-graph\">{\"@context\":\"https:\/\/schema.org\",\"@graph\":[{\"@type\":\"WebPage\",\"@id\":\"https:\/\/choralecantabile14.fr\/index.php\/infos-pratiques\/\",\"url\":\"https:\/\/choralecantabile14.fr\/index.php\/infos-pratiques\/\",\"name\":\"Infos Pratiques - Chorale Cantabile\",\"isPartOf\":{\"@id\":\"https:\/\/choralecantabile14.fr\/#website\"},\"datePublished\":\"2020-01-20T12:55:37+00:00\",\"dateModified\":\"2026-03-26T16:46:27+00:00\",\"breadcrumb\":{\"@id\":\"https:\/\/choralecantabile14.fr\/index.php\/infos-pratiques\/#breadcrumb\"},\"inLanguage\":\"en-US\",\"potentialAction\":[{\"@type\":\"ReadAction\",\"target\":[\"https:\/\/choralecantabile14.fr\/index.php\/infos-pratiques\/\"]}]},{\"@type\":\"BreadcrumbList\",\"@id\":\"https:\/\/choralecantabile14.fr\/index.php\/infos-pratiques\/#breadcrumb\",\"itemListElement\":[{\"@type\":\"ListItem\",\"position\":1,\"name\":\"Accueil\",\"item\":\"https:\/\/choralecantabile14.fr\/\"},{\"@type\":\"ListItem\",\"position\":2,\"name\":\"Infos Pratiques\"}]},{\"@type\":\"WebSite\",\"@id\":\"https:\/\/choralecantabile14.fr\/#website\",\"url\":\"https:\/\/choralecantabile14.fr\/\",\"name\":\"Chorale Cantabile\",\"description\":\"\",\"publisher\":{\"@id\":\"https:\/\/choralecantabile14.fr\/#organization\"},\"potentialAction\":[{\"@type\":\"SearchAction\",\"target\":{\"@type\":\"EntryPoint\",\"urlTemplate\":\"https:\/\/choralecantabile14.fr\/?s={search_term_string}\"},\"query-input\":\"required name=search_term_string\"}],\"inLanguage\":\"en-US\"},{\"@type\":\"Organization\",\"@id\":\"https:\/\/choralecantabile14.fr\/#organization\",\"name\":\"Chorale Cantabile\",\"url\":\"https:\/\/choralecantabile14.fr\/\",\"logo\":{\"@type\":\"ImageObject\",\"inLanguage\":\"en-US\",\"@id\":\"https:\/\/choralecantabile14.fr\/#\/schema\/logo\/image\/\",\"url\":\"\",\"contentUrl\":\"\",\"caption\":\"Chorale Cantabile\"},\"image\":{\"@id\":\"https:\/\/choralecantabile14.fr\/#\/schema\/logo\/image\/\"}}]}<\/script>\n<!-- \/ Yoast SEO plugin. -->","yoast_head_json":{"title":"Infos Pratiques - Chorale Cantabile","robots":{"index":"index","follow":"follow","max-snippet":"max-snippet:-1","max-image-preview":"max-image-preview:large","max-video-preview":"max-video-preview:-1"},"canonical":"https:\/\/choralecantabile14.fr\/index.php\/infos-pratiques\/","og_locale":"en_US","og_type":"article","og_title":"Infos Pratiques - Chorale Cantabile","og_description":"[et_pb_section fb_built=&#8221;1&#8243; fullwidth=&#8221;on&#8221; _builder_version=&#8221;4.2.1&#8243;][et_pb_fullwidth_image src=&#8221;http:\/\/choralecantabile14.fr\/wp-content\/uploads\/2024\/03\/2024-infos_pratiques_chorale_dozule_cantabile.jpg&#8221; _builder_version=&#8221;4.2.1&#8243;][\/et_pb_fullwidth_image][\/et_pb_section][et_pb_section fb_built=&#8221;1&#8243; _builder_version=&#8221;4.2.1&#8243; background_color=&#8221;#0c0c0c&#8221;][et_pb_row column_structure=&#8221;1_2,1_2&#8243; _builder_version=&#8221;4.2.1&#8243; custom_padding=&#8221;27px|15px||||&#8221;][et_pb_column type=&#8221;1_2&#8243; _builder_version=&#8221;4.2.1&#8243;][et_pb_text _builder_version=&#8221;4.2.1&#8243; text_font=&#8221;Advent Pro|||on|||||&#8221; text_font_size=&#8221;48px&#8221; text_line_height=&#8221;1.8em&#8221; text_orientation=&#8221;center&#8221;] r\u00e9p\u00e9tition [\/et_pb_text][et_pb_text _builder_version=&#8221;4.2.1&#8243; text_font=&#8221;||||||||&#8221; text_line_height=&#8221;0.8em&#8221; background_color=&#8221;#0c0c0c&#8221; custom_padding=&#8221;3px|||||&#8221;] Espace culturel Fernand Seigneurie \u00a0Place du Haras &#8211; 14430 DOZULE \u00a0 Tous les jeudis de 20h \u00e0 22h sauf vacances scolaires [\/et_pb_text][\/et_pb_column][et_pb_column type=&#8221;1_2&#8243; _builder_version=&#8221;4.2.1&#8243;][et_pb_text _builder_version=&#8221;4.2.1&#8243; width=&#8221;87.1%&#8221; custom_padding=&#8221;||0px|||&#8221;][\/et_pb_text][\/et_pb_column][\/et_pb_row][et_pb_row column_structure=&#8221;1_2,1_2&#8243; [&hellip;]","og_url":"https:\/\/choralecantabile14.fr\/index.php\/infos-pratiques\/","og_site_name":"Chorale Cantabile","article_modified_time":"2026-03-26T16:46:27+00:00","twitter_misc":{"Est. reading time":"2 minutes"},"schema":{"@context":"https:\/\/schema.org","@graph":[{"@type":"WebPage","@id":"https:\/\/choralecantabile14.fr\/index.php\/infos-pratiques\/","url":"https:\/\/choralecantabile14.fr\/index.php\/infos-pratiques\/","name":"Infos Pratiques - Chorale Cantabile","isPartOf":{"@id":"https:\/\/choralecantabile14.fr\/#website"},"datePublished":"2020-01-20T12:55:37+00:00","dateModified":"2026-03-26T16:46:27+00:00","breadcrumb":{"@id":"https:\/\/choralecantabile14.fr\/index.php\/infos-pratiques\/#breadcrumb"},"inLanguage":"en-US","potentialAction":[{"@type":"ReadAction","target":["https:\/\/choralecantabile14.fr\/index.php\/infos-pratiques\/"]}]},{"@type":"BreadcrumbList","@id":"https:\/\/choralecantabile14.fr\/index.php\/infos-pratiques\/#breadcrumb","itemListElement":[{"@type":"ListItem","position":1,"name":"Accueil","item":"https:\/\/choralecantabile14.fr\/"},{"@type":"ListItem","position":2,"name":"Infos Pratiques"}]},{"@type":"WebSite","@id":"https:\/\/choralecantabile14.fr\/#website","url":"https:\/\/choralecantabile14.fr\/","name":"Chorale Cantabile","description":"","publisher":{"@id":"https:\/\/choralecantabile14.fr\/#organization"},"potentialAction":[{"@type":"SearchAction","target":{"@type":"EntryPoint","urlTemplate":"https:\/\/choralecantabile14.fr\/?s={search_term_string}"},"query-input":"required name=search_term_string"}],"inLanguage":"en-US"},{"@type":"Organization","@id":"https:\/\/choralecantabile14.fr\/#organization","name":"Chorale Cantabile","url":"https:\/\/choralecantabile14.fr\/","logo":{"@type":"ImageObject","inLanguage":"en-US","@id":"https:\/\/choralecantabile14.fr\/#\/schema\/logo\/image\/","url":"","contentUrl":"","caption":"Chorale Cantabile"},"image":{"@id":"https:\/\/choralecantabile14.fr\/#\/schema\/logo\/image\/"}}]}},"_links":{"self":[{"href":"https:\/\/choralecantabile14.fr\/index.php\/wp-json\/wp\/v2\/pages\/91","targetHints":{"allow":["GET"]}}],"collection":[{"href":"https:\/\/choralecantabile14.fr\/index.php\/wp-json\/wp\/v2\/pages"}],"about":[{"href":"https:\/\/choralecantabile14.fr\/index.php\/wp-json\/wp\/v2\/types\/page"}],"author":[{"embeddable":true,"href":"https:\/\/choralecantabile14.fr\/index.php\/wp-json\/wp\/v2\/users\/1"}],"replies":[{"embeddable":true,"href":"https:\/\/choralecantabile14.fr\/index.php\/wp-json\/wp\/v2\/comments?post=91"}],"version-history":[{"count":67,"href":"https:\/\/choralecantabile14.fr\/index.php\/wp-json\/wp\/v2\/pages\/91\/revisions"}],"predecessor-version":[{"id":1777,"href":"https:\/\/choralecantabile14.fr\/index.php\/wp-json\/wp\/v2\/pages\/91\/revisions\/1777"}],"wp:attachment":[{"href":"https:\/\/choralecantabile14.fr\/index.php\/wp-json\/wp\/v2\/media?parent=91"}],"curies":[{"name":"wp","href":"https:\/\/api.w.org\/{rel}","templated":true}]}}